{"id":837,"date":"2022-08-21T09:21:28","date_gmt":"2022-08-21T08:21:28","guid":{"rendered":"https:\/\/martina-gerdts.de\/?page_id=837"},"modified":"2023-02-19T21:07:18","modified_gmt":"2023-02-19T20:07:18","slug":"sprachkurse","status":"publish","type":"page","link":"https:\/\/martina-gerdts.de\/pt\/sprachkurse\/","title":{"rendered":"Sprachkurse"},"content":{"rendered":"\n<p>Es gibt die M\u00f6glichkeit Sprachkurse bei mir zu belegen. Aktuell bin ich als Sprachlehrkraft f\u00fcr Deutsch als Zweit- und Fremdsprache und f\u00fcr Portugiesisch und Spanisch aktiv. F\u00fcr genauere Informationen kann man mich gerne kontaktieren. Ich unterrichte im Moment vor allem f\u00fcr ein Sprachlernunternehmen und an Volkshochschulen. <\/p>\n\n\n\n<h2 class=\"wp-block-heading\">Weitere M\u00f6glichkeiten<\/h2>\n\n\n\n<p>Zus\u00e4tzlich zu Sprachkursen, die ich \u00fcber andere Institutionen gebe, gibt es auch die M\u00f6glichkeit digitalen Einzelunterricht und digitalen Unterricht in Kleingruppen bei mir direkt zu bekommen. Hierf\u00fcr sind im Moment Termine ab Sommer 2023 frei. Meldet euch gerne schon, wenn Interesse besteht. Es kann auch sein, dass spontaner Termine frei werden. Ich kann euch gerne auf eine Warteliste setzen. Wir k\u00f6nnen uns auch zusammensetzen, um \u00fcber Taktiken zum Sprachenlernen im Allgemeinen reden. Dies ist auch m\u00f6glich, wenn du andere Sprachen lernen m\u00f6chtest als die, die ich selbst unterrichte. Hier geht es zu den \u00dcbungsstunden bei mir: <a href=\"https:\/\/martina-gerdts.de\/uebungsstunden\/\">https:\/\/martina-gerdts.de\/uebungsstunden\/<\/a>. <\/p>\n","protected":false},"excerpt":{"rendered":"<p>Es gibt die M\u00f6glichkeit Sprachkurse bei mir zu belegen. Aktuell bin ich als Sprachlehrkraft f\u00fcr Deutsch als Zweit- und Fremdsprache und f\u00fcr Portugiesisch und Spanisch aktiv. F\u00fcr genauere Informationen kann man mich gerne kontaktieren. Ich unterrichte im Moment vor allem f\u00fcr ein Sprachlernunternehmen und an Volkshochschulen. Weitere M\u00f6glichkeiten Zus\u00e4tzlich zu Sprachkursen, die ich \u00fcber andere &hellip; <\/p>\n<p class=\"link-more\"><a href=\"https:\/\/martina-gerdts.de\/pt\/sprachkurse\/\" class=\"more-link\">Continue reading<span class=\"screen-reader-text\"> &#8220;Sprachkurse&#8221;<\/span><\/a><\/p>\n","protected":false},"author":1,"featured_media":0,"parent":0,"menu_order":0,"comment_status":"closed","ping_status":"closed","template":"","meta":{"footnotes":""},"class_list":["post-837","page","type-page","status-publish","hentry"],"translation":{"provider":"WPGlobus","version":"3.0.2","language":"pt","enabled_languages":["de","en","pt"],"languages":{"de":{"title":true,"content":true,"excerpt":false},"en":{"title":false,"content":false,"excerpt":false},"pt":{"title":false,"content":false,"excerpt":false}}},"_links":{"self":[{"href":"https:\/\/martina-gerdts.de\/pt\/wp-json\/wp\/v2\/pages\/837","targetHints":{"allow":["GET"]}}],"collection":[{"href":"https:\/\/martina-gerdts.de\/pt\/wp-json\/wp\/v2\/pages"}],"about":[{"href":"https:\/\/martina-gerdts.de\/pt\/wp-json\/wp\/v2\/types\/page"}],"author":[{"embeddable":true,"href":"https:\/\/martina-gerdts.de\/pt\/wp-json\/wp\/v2\/users\/1"}],"replies":[{"embeddable":true,"href":"https:\/\/martina-gerdts.de\/pt\/wp-json\/wp\/v2\/comments?post=837"}],"version-history":[{"count":8,"href":"https:\/\/martina-gerdts.de\/pt\/wp-json\/wp\/v2\/pages\/837\/revisions"}],"predecessor-version":[{"id":916,"href":"https:\/\/martina-gerdts.de\/pt\/wp-json\/wp\/v2\/pages\/837\/revisions\/916"}],"wp:attachment":[{"href":"https:\/\/martina-gerdts.de\/pt\/wp-json\/wp\/v2\/media?parent=837"}],"curies":[{"name":"wp","href":"https:\/\/api.w.org\/{rel}","templated":true}]}}